{"id":1408,"date":"2017-03-16T10:49:09","date_gmt":"2017-03-16T09:49:09","guid":{"rendered":"https:\/\/www.day-spa-ramstein.de\/?page_id=1408"},"modified":"2022-11-08T09:50:09","modified_gmt":"2022-11-08T08:50:09","slug":"microblading-schulung","status":"publish","type":"page","link":"https:\/\/www.day-spa-ramstein.de\/en\/microblading-schulung\/","title":{"rendered":"Microblading Schulung"},"content":{"rendered":"<p>[vc_row][vc_column][vc_column_text]<img loading=\"lazy\" class=\"alignnone size-large wp-image-2850\" src=\"https:\/\/www.day-spa-ramstein.de\/wp-content\/uploads\/2017\/03\/Schulung_Microblading_ElkesDaySpa_Ramstein_3-1024x529.jpg\" alt=\"Bilden Sie sich weiter, mit einer Microblading Schulung bei Elkes Day Spa!\" width=\"967\" height=\"500\" srcset=\"https:\/\/www.day-spa-ramstein.de\/wp-content\/uploads\/2017\/03\/Schulung_Microblading_ElkesDaySpa_Ramstein_3-1024x529.jpg 1024w, https:\/\/www.day-spa-ramstein.de\/wp-content\/uploads\/2017\/03\/Schulung_Microblading_ElkesDaySpa_Ramstein_3-600x310.jpg 600w, https:\/\/www.day-spa-ramstein.de\/wp-content\/uploads\/2017\/03\/Schulung_Microblading_ElkesDaySpa_Ramstein_3-300x155.jpg 300w, https:\/\/www.day-spa-ramstein.de\/wp-content\/uploads\/2017\/03\/Schulung_Microblading_ElkesDaySpa_Ramstein_3-768x397.jpg 768w, https:\/\/www.day-spa-ramstein.de\/wp-content\/uploads\/2017\/03\/Schulung_Microblading_ElkesDaySpa_Ramstein_3-370x191.jpg 370w, https:\/\/www.day-spa-ramstein.de\/wp-content\/uploads\/2017\/03\/Schulung_Microblading_ElkesDaySpa_Ramstein_3-1200x620.jpg 1200w, https:\/\/www.day-spa-ramstein.de\/wp-content\/uploads\/2017\/03\/Schulung_Microblading_ElkesDaySpa_Ramstein_3-360x186.jpg 360w, https:\/\/www.day-spa-ramstein.de\/wp-content\/uploads\/2017\/03\/Schulung_Microblading_ElkesDaySpa_Ramstein_3.jpg 1524w\" sizes=\"(max-width: 967px) 100vw, 967px\" \/>[\/vc_column_text][\/vc_column][\/vc_row][vc_row][vc_column][vc_column_text]<\/p>\n<h1>Microblading-Schulung vom Profi!<\/h1>\n<h3>Die feine Augenbrauenzeichnung per Hand.<\/h3>\n<p>[\/vc_column_text][\/vc_column][\/vc_row][vc_row css=&#8221;.vc_custom_1494835456673{margin-top: 30px !important;}&#8221;][vc_column][vc_column_text]<strong>Sie m\u00f6chten sich beruflich ver\u00e4ndern?\u00a0<\/strong>Erlernen Sie in Theorie und Praxis die M\u00f6glichkeiten, die Microblading Ihnen bietet. Als Zusatzangebot, zweites Standbein oder den Einstieg in die Welt der Sch\u00f6nheitsberufe sind meine Seminare wie geschaffen f\u00fcr Sie.[\/vc_column_text][\/vc_column][\/vc_row][vc_row css=&#8221;.vc_custom_1494835651695{margin-top: 60px !important;}&#8221;][vc_column width=&#8221;1\/2&#8243;][vc_column_text]<\/p>\n<h3>Die Microblading-Technik<\/h3>\n<p>Im Gegensatz zum klassischen Permanent Make-up arbeiten Sie beim Microblading mit sogenannten \u201eBlades\u201c, aneinander gesetzte feine Micronadeln. Mit sanftem Druck werden anhand der Vorzeichnung feinste H\u00e4rchenzeichnungen auf der Haut eingeritzt.\u00a0 Parallel dazu arbeiten Sie die organischen Pigmentierfarben in die Haut ein und warten die Wundheilung ab.<\/p>\n<h3>Die Microblading-Schulung<\/h3>\n<p>Die Microblading-Schulung ist Teil meiner <span style=\"font-size: medium;\"><b>Permanent Make-up-Kurse<\/b><\/span>, die ich ebenfalls in meinem Studio anbiete.<\/p>\n<p>Im Rahmen des Kursangebots wird jeder Teilnehmer intensiv betreut. Ich biete Termine nach Vereinbarung an und betreue Sie in intensiven Einzelschulungen. Der Kunde bestimmt selbst Ma\u00df, Umfang und Intensit\u00e4t von Schulung und Training. F\u00fcr den praktischen Teil der Schulung bitte ein Modell terminieren.<\/p>\n<p>Nat\u00fcrlich bin ich auch nach der Ausbildung f\u00fcr Sie da, wenn Sie Fragen haben oder Probleme auftreten sollten. Gerne begleite ich Sie auf Ihrem Weg zum Erfolg, f\u00fcr den die intensive Einzelausbildung ein erfolgreicher Grundstein sein kann.<\/p>\n<p><strong>Inhalte des Kurses:<\/strong><\/p>\n<ul>\n<li>Microblading\u00a0Grundlagen<\/li>\n<li>Die Verantwortung des\u00a0Microbladers<\/li>\n<li>Dermatologie<\/li>\n<li>Hygiene<\/li>\n<li>An\u00e4sthesie<\/li>\n<li>Gesichtsanalyse<\/li>\n<li>Visagistik<\/li>\n<li>Pigmentfarben<\/li>\n<li>Farbenlehre und Mischverh\u00e4ltnisse<\/li>\n<li>Handst\u00fcck und Blades<\/li>\n<li>Richtige Beratung und Vorgespr\u00e4ch<\/li>\n<li>Einverst\u00e4ndniserkl\u00e4rung<\/li>\n<li>Pflegehinweise<\/li>\n<li>Preiskalkulation<\/li>\n<li>Vorzeichnung und Vorzeichentechniken<\/li>\n<li>2D und 3D Techniken<\/li>\n<li>Hygieneverordnung und Hygienema\u00dfnahmen<\/li>\n<li>Desinfektion und Sterilisation<\/li>\n<li>Hautvorbereitung<\/li>\n<li>Umgang mit den Blades\u00a0und Handst\u00fcck<\/li>\n<li>Bladen der\u00a0Augenbrauen in HD-Feinsth\u00e4rchentechnik<\/li>\n<li>Korrekturen und Nachbehandlungen<\/li>\n<li>Marketing: Wie bekommen Sie Ihre ersten Kunden?<\/li>\n<\/ul>\n<p>[\/vc_column_text][\/vc_column][vc_column width=&#8221;1\/2&#8243;][vc_column_text]<img loading=\"lazy\" class=\"alignnone wp-image-4704\" src=\"https:\/\/www.day-spa-ramstein.de\/wp-content\/uploads\/2020\/07\/collage-mb-devona.jpg\" alt=\"\" width=\"372\" height=\"526\" \/>[\/vc_column_text][vc_empty_space height=&#8221;60&#8243;][vc_column_text]Bei mir erlernen Sie die neue Technik im Bereich Permanent Make-up in Form eines Ein-Tage-Seminars. F\u00fcr den Kurs ben\u00f6tigen Sie keine Vorkenntnisse<strong>.<\/strong><br \/>\nIn den Kursen mache ich Sie mit dem Umgang von Farbpigmenten vertraut, die zugelassen sind und der EEC-Verordnung entsprechen. Ein Starter Set ist inklusive sowie die Zertifizierung \u00fcber die erfolgreiche Teilnahme.\u00a0 Sie sollten Freude am Umgang mit Menschen mitbringen und keine Ber\u00fchrungs\u00e4ngste haben.<\/p>\n<p><strong>Im Starter Set sind folgende Bestandteile enthalten:<\/strong><\/p>\n<ul>\n<li>1 Pen<\/li>\n<li>5 Nadeln<\/li>\n<li>Farbt\u00f6pfe<\/li>\n<li>eine \u00dcbungshaut<\/li>\n<li>Probe-Farbe<\/li>\n<\/ul>\n<p>&nbsp;<\/p>\n<h3>Kosten: Microblading\u00a0Intensivschulung 1 Tag<\/h3>\n<p>inkl. Verbrauchsmaterial, Dokumentation, Anf\u00e4nger Kit und\u00a0Zertifikat<\/p>\n<p><strong>\u20ac\u00a0950<\/strong> + 19 % MwSt.<\/p>\n<p>&nbsp;<\/p>\n<p><em><strong>Hinweis zur Anmeldung:\u00a0<\/strong>Bei Buchung der Schulung ist eine Anzahlung von 30% der Schulungsgeb\u00fchr zu leisten, um Ihre Platzreservierung garantieren zu k\u00f6nnen.\u00a0Bei Absagen bis sp\u00e4testens 48 Stunden vor dem Termin entstehen Ihnen keine Kosten. Ansonsten muss der nicht wahrgenommene Termin, gleich, aus welchen Gr\u00fcnden, auch Krankheit mit 30 % der Schulungsgeb\u00fchr berechnet werden. Die Kurse finden ausschlie\u00dflich Samstags statt. F\u00fcr eine genaue Terminierung rufen Sie uns bitte an oder schreiben Sie uns eine E-Mail.\u00a0Ich w\u00fcrde mich freuen Sie bei mir begr\u00fc\u00dfen zu k\u00f6nnen.<\/em>[\/vc_column_text][\/vc_column][\/vc_row][vc_row css=&#8221;.vc_custom_1494835722392{margin-top: 60px !important;}&#8221;][vc_column width=&#8221;1\/2&#8243;][\/vc_column][vc_column width=&#8221;1\/2&#8243;][\/vc_column][\/vc_row][vc_row full_width=&#8221;stretch_row&#8221; content_placement=&#8221;middle&#8221; parallax=&#8221;content-moving&#8221; css=&#8221;.vc_custom_1494498079221{margin-top: 40px !important;margin-bottom: -100px !important;background-image: url(https:\/\/www.day-spa-ramstein.de\/wp-content\/uploads\/2017\/05\/Bananenblatt_ElkesDaySpa_Ramstein_titel.jpg?id=1779) !important;}&#8221;][vc_column width=&#8221;1\/2&#8243;][vc_column_text css=&#8221;.vc_custom_1496995443004{margin-bottom: 35px !important;}&#8221;]<\/p>\n<h4><span style=\"color: #ffffff;\">Weiterbildung und Weiterentwicklung sind wichtige Bestandteile im Leben. Erlernen Sie die Kunst des Microbladings und lassen Sie sich zertifizieren!<\/span><\/h4>\n<p>[\/vc_column_text][\/vc_column][vc_column width=&#8221;1\/2&#8243;][vc_column_text css=&#8221;.vc_custom_1494499757677{margin-bottom: 20px !important;}&#8221;]<a target=\"_self\" href=\"https:\/\/www.day-spa-ramstein.de\/kontakt\/\" class=\"btn btn-lg style-1\" id=\"custom-id-0\" style=\"\">Jetzt Kurs buchen<\/a>[\/vc_column_text][\/vc_column][\/vc_row]<\/p>\n","protected":false},"excerpt":{"rendered":"<p>[vc_row][vc_column][vc_column_text][\/vc_column_text][\/vc_column][\/vc_row][vc_row][vc_column][vc_column_text] Microblading-Schulung vom Profi! Die feine Augenbrauenzeichnung per Hand. [\/vc_column_text][\/vc_column][\/vc_row][vc_row css=&#8221;.vc_custom_1494835456673{margin-top: 30px !important;}&#8221;][vc_column][vc_column_text]Sie m\u00f6chten sich beruflich ver\u00e4ndern?\u00a0Erlernen Sie in Theorie und Praxis die M\u00f6glichkeiten, die Microblading Ihnen bietet. Als Zusatzangebot, zweites Standbein oder den Einstieg in die Welt der Sch\u00f6nheitsberufe&#8230;<\/p>\n","protected":false},"author":2,"featured_media":0,"parent":0,"menu_order":0,"comment_status":"closed","ping_status":"closed","template":"","meta":{"_exactmetrics_skip_tracking":false,"_exactmetrics_sitenote_active":false,"_exactmetrics_sitenote_note":"","_exactmetrics_sitenote_category":0},"yoast_head":"<!-- This site is optimized with the Yoast SEO plugin v20.6 - https:\/\/yoast.com\/wordpress\/plugins\/seo\/ -->\n<title>Microblading Schulung - Day Spa Ramstein<\/title>\n<meta name=\"description\" content=\"Sie m\u00f6chten Ihren Kunden nat\u00fcrliche Augenbrauen zaubern? In meiner Microblading Schulung vermittele ich Ihnen grundiertes Fachwissen! Erfahren Sie mehr!\" \/>\n<meta name=\"robots\" content=\"index, follow, max-snippet:-1, max-image-preview:large, max-video-preview:-1\" \/>\n<link rel=\"canonical\" href=\"https:\/\/www.day-spa-ramstein.de\/microblading-schulung\/\" \/>\n<meta property=\"og:locale\" content=\"en_US\" \/>\n<meta property=\"og:type\" content=\"article\" \/>\n<meta property=\"og:title\" content=\"Microblading Schulung - Day Spa Ramstein\" \/>\n<meta property=\"og:description\" content=\"Sie m\u00f6chten Ihren Kunden nat\u00fcrliche Augenbrauen zaubern? In meiner Microblading Schulung vermittele ich Ihnen grundiertes Fachwissen! Erfahren Sie mehr!\" \/>\n<meta property=\"og:url\" content=\"https:\/\/www.day-spa-ramstein.de\/microblading-schulung\/\" \/>\n<meta property=\"og:site_name\" content=\"Day Spa Ramstein\" \/>\n<meta property=\"article:modified_time\" content=\"2022-11-08T08:50:09+00:00\" \/>\n<meta property=\"og:image\" content=\"https:\/\/www.day-spa-ramstein.de\/wp-content\/uploads\/2017\/03\/Schulung_Microblading_ElkesDaySpa_Ramstein_3-1024x529.jpg\" \/>\n<meta name=\"twitter:card\" content=\"summary_large_image\" \/>\n<meta name=\"twitter:label1\" content=\"Est. reading time\" \/>\n\t<meta name=\"twitter:data1\" content=\"4 minutes\" \/>\n<script type=\"application\/ld+json\" class=\"yoast-schema-graph\">{\"@context\":\"https:\/\/schema.org\",\"@graph\":[{\"@type\":\"WebPage\",\"@id\":\"https:\/\/www.day-spa-ramstein.de\/microblading-schulung\/\",\"url\":\"https:\/\/www.day-spa-ramstein.de\/microblading-schulung\/\",\"name\":\"Microblading Schulung - Day Spa Ramstein\",\"isPartOf\":{\"@id\":\"https:\/\/www.day-spa-ramstein.de\/en\/#website\"},\"datePublished\":\"2017-03-16T09:49:09+00:00\",\"dateModified\":\"2022-11-08T08:50:09+00:00\",\"description\":\"Sie m\u00f6chten Ihren Kunden nat\u00fcrliche Augenbrauen zaubern? In meiner Microblading Schulung vermittele ich Ihnen grundiertes Fachwissen! Erfahren Sie mehr!\",\"breadcrumb\":{\"@id\":\"https:\/\/www.day-spa-ramstein.de\/microblading-schulung\/#breadcrumb\"},\"inLanguage\":\"en-US\",\"potentialAction\":[{\"@type\":\"ReadAction\",\"target\":[\"https:\/\/www.day-spa-ramstein.de\/microblading-schulung\/\"]}]},{\"@type\":\"BreadcrumbList\",\"@id\":\"https:\/\/www.day-spa-ramstein.de\/microblading-schulung\/#breadcrumb\",\"itemListElement\":[{\"@type\":\"ListItem\",\"position\":1,\"name\":\"Home\",\"item\":\"https:\/\/www.day-spa-ramstein.de\/en\/\"},{\"@type\":\"ListItem\",\"position\":2,\"name\":\"Microblading Schulung\"}]},{\"@type\":\"WebSite\",\"@id\":\"https:\/\/www.day-spa-ramstein.de\/en\/#website\",\"url\":\"https:\/\/www.day-spa-ramstein.de\/en\/\",\"name\":\"Day Spa Ramstein\",\"description\":\"Ausbildungszentrum, Kosmetikk, Wellness\",\"potentialAction\":[{\"@type\":\"SearchAction\",\"target\":{\"@type\":\"EntryPoint\",\"urlTemplate\":\"https:\/\/www.day-spa-ramstein.de\/en\/?s={search_term_string}\"},\"query-input\":\"required name=search_term_string\"}],\"inLanguage\":\"en-US\"}]}<\/script>\n<!-- \/ Yoast SEO plugin. -->","yoast_head_json":{"title":"Microblading Schulung - Day Spa Ramstein","description":"Sie m\u00f6chten Ihren Kunden nat\u00fcrliche Augenbrauen zaubern? In meiner Microblading Schulung vermittele ich Ihnen grundiertes Fachwissen! Erfahren Sie mehr!","robots":{"index":"index","follow":"follow","max-snippet":"max-snippet:-1","max-image-preview":"max-image-preview:large","max-video-preview":"max-video-preview:-1"},"canonical":"https:\/\/www.day-spa-ramstein.de\/microblading-schulung\/","og_locale":"en_US","og_type":"article","og_title":"Microblading Schulung - Day Spa Ramstein","og_description":"Sie m\u00f6chten Ihren Kunden nat\u00fcrliche Augenbrauen zaubern? In meiner Microblading Schulung vermittele ich Ihnen grundiertes Fachwissen! Erfahren Sie mehr!","og_url":"https:\/\/www.day-spa-ramstein.de\/microblading-schulung\/","og_site_name":"Day Spa Ramstein","article_modified_time":"2022-11-08T08:50:09+00:00","og_image":[{"url":"https:\/\/www.day-spa-ramstein.de\/wp-content\/uploads\/2017\/03\/Schulung_Microblading_ElkesDaySpa_Ramstein_3-1024x529.jpg"}],"twitter_card":"summary_large_image","twitter_misc":{"Est. reading time":"4 minutes"},"schema":{"@context":"https:\/\/schema.org","@graph":[{"@type":"WebPage","@id":"https:\/\/www.day-spa-ramstein.de\/microblading-schulung\/","url":"https:\/\/www.day-spa-ramstein.de\/microblading-schulung\/","name":"Microblading Schulung - Day Spa Ramstein","isPartOf":{"@id":"https:\/\/www.day-spa-ramstein.de\/en\/#website"},"datePublished":"2017-03-16T09:49:09+00:00","dateModified":"2022-11-08T08:50:09+00:00","description":"Sie m\u00f6chten Ihren Kunden nat\u00fcrliche Augenbrauen zaubern? In meiner Microblading Schulung vermittele ich Ihnen grundiertes Fachwissen! Erfahren Sie mehr!","breadcrumb":{"@id":"https:\/\/www.day-spa-ramstein.de\/microblading-schulung\/#breadcrumb"},"inLanguage":"en-US","potentialAction":[{"@type":"ReadAction","target":["https:\/\/www.day-spa-ramstein.de\/microblading-schulung\/"]}]},{"@type":"BreadcrumbList","@id":"https:\/\/www.day-spa-ramstein.de\/microblading-schulung\/#breadcrumb","itemListElement":[{"@type":"ListItem","position":1,"name":"Home","item":"https:\/\/www.day-spa-ramstein.de\/en\/"},{"@type":"ListItem","position":2,"name":"Microblading Schulung"}]},{"@type":"WebSite","@id":"https:\/\/www.day-spa-ramstein.de\/en\/#website","url":"https:\/\/www.day-spa-ramstein.de\/en\/","name":"Day Spa Ramstein","description":"Ausbildungszentrum, Kosmetikk, Wellness","potentialAction":[{"@type":"SearchAction","target":{"@type":"EntryPoint","urlTemplate":"https:\/\/www.day-spa-ramstein.de\/en\/?s={search_term_string}"},"query-input":"required name=search_term_string"}],"inLanguage":"en-US"}]}},"_links":{"self":[{"href":"https:\/\/www.day-spa-ramstein.de\/en\/wp-json\/wp\/v2\/pages\/1408"}],"collection":[{"href":"https:\/\/www.day-spa-ramstein.de\/en\/wp-json\/wp\/v2\/pages"}],"about":[{"href":"https:\/\/www.day-spa-ramstein.de\/en\/wp-json\/wp\/v2\/types\/page"}],"author":[{"embeddable":true,"href":"https:\/\/www.day-spa-ramstein.de\/en\/wp-json\/wp\/v2\/users\/2"}],"replies":[{"embeddable":true,"href":"https:\/\/www.day-spa-ramstein.de\/en\/wp-json\/wp\/v2\/comments?post=1408"}],"version-history":[{"count":4,"href":"https:\/\/www.day-spa-ramstein.de\/en\/wp-json\/wp\/v2\/pages\/1408\/revisions"}],"predecessor-version":[{"id":5741,"href":"https:\/\/www.day-spa-ramstein.de\/en\/wp-json\/wp\/v2\/pages\/1408\/revisions\/5741"}],"wp:attachment":[{"href":"https:\/\/www.day-spa-ramstein.de\/en\/wp-json\/wp\/v2\/media?parent=1408"}],"curies":[{"name":"wp","href":"https:\/\/api.w.org\/{rel}","templated":true}]}}